{"id":9653,"date":"2025-04-01T17:03:02","date_gmt":"2025-04-01T14:03:02","guid":{"rendered":"https:\/\/optimacall.ro\/?post_type=awsm_job_openings&#038;p=9653"},"modified":"2025-08-28T01:49:25","modified_gmt":"2025-08-27T22:49:25","slug":"generaliste-rh","status":"expired","type":"awsm_job_openings","link":"https:\/\/optimacall.ro\/fr","title":{"rendered":"G\u00e9n\u00e9raliste RH - Brasov"},"content":{"rendered":"<h2 class=\"wp-block-heading\" id=\"h-descriere-rol\">\ud83e\uddfe Description du r\u00f4le :<\/h2>\n\n\n\n<p>Vous \u00eates passionn\u00e9 par le recrutement et aimez travailler dans un environnement dynamique ? Rejoignez notre \u00e9quipe \u00e0 Brasov en tant que <strong>G\u00e9n\u00e9raliste en RH avec un accent sur le recrutement en volume<\/strong> et contribuent activement \u00e0 cr\u00e9er une exp\u00e9rience positive pour les candidats et les employ\u00e9s.<\/p>\n\n\n\n<p>Dans ce r\u00f4le, vous g\u00e9rerez les processus de recrutement de A \u00e0 Z, travaillerez en \u00e9troite collaboration avec l'\u00e9quipe RH et les responsables de d\u00e9partement et aurez l'occasion de participer \u00e0 des projets strat\u00e9giques en mati\u00e8re de RH.<\/p>\n\n\n\n<hr class=\"wp-block-separator has-alpha-channel-opacity\" \/>\n\n\n\n<h2 class=\"wp-block-heading\" id=\"h-responsabilita\u021bi-cheie\">\ud83c\udfaf Principales responsabilit\u00e9s :<\/h2>\n\n\n\n<ul class=\"wp-block-list\">\n<li>Gestion compl\u00e8te du processus de recrutement pour les postes en volume (annonces, s\u00e9lection, entretiens, retour d'information).<\/li>\n\n\n\n<li>Travailler avec les responsables pour d\u00e9finir les besoins et pourvoir rapidement les postes vacants.<\/li>\n\n\n\n<li>Mettre \u00e0 jour les bases de donn\u00e9es et g\u00e9rer la documentation RH conform\u00e9ment aux politiques internes.<\/li>\n\n\n\n<li>Soutenir les employ\u00e9s dans leur relation avec les RH (informations, conseils, solutions).<\/li>\n\n\n\n<li>Participation \u00e0 des projets tels que l'int\u00e9gration, l'\u00e9valuation des performances ou les initiatives de promotion de la marque de l'employeur.<\/li>\n<\/ul>\n\n\n\n<hr class=\"wp-block-separator has-alpha-channel-opacity\" \/>\n\n\n\n<h2 class=\"wp-block-heading\" id=\"h-cerin\u021be\">\u2705 Exigences :<\/h2>\n\n\n\n<ul class=\"wp-block-list\">\n<li>1 \u00e0 3 ans d'exp\u00e9rience dans une fonction RH similaire, avec un accent particulier sur <strong>le recrutement en volume<\/strong>.<\/li>\n\n\n\n<li>Formation sup\u00e9rieure dans les domaines concern\u00e9s : ressources humaines, psychologie, sociologie, gestion.<\/li>\n\n\n\n<li>Bonne connaissance du droit du travail et des processus de s\u00e9lection.<\/li>\n\n\n\n<li>Excellentes aptitudes \u00e0 la communication, \u00e0 l'organisation et \u00e0 l'ex\u00e9cution de t\u00e2ches multiples.<\/li>\n\n\n\n<li>Solide connaissance de MS Office et de l'anglais \u00e0 un niveau moyen\/avanc\u00e9.<\/li>\n<\/ul>\n\n\n\n<hr class=\"wp-block-separator has-alpha-channel-opacity\" \/>\n\n\n\n<h2 class=\"wp-block-heading\" id=\"h-competen\u021be-personale\">\ud83e\udde0 Comp\u00e9tences personnelles :<\/h2>\n\n\n\n<ul class=\"wp-block-list\">\n<li>Organisation, souci du d\u00e9tail et gestion du temps.<\/li>\n\n\n\n<li>Attitude ouverte, r\u00e9ceptivit\u00e9 au feed-back et esprit d'\u00e9quipe.<\/li>\n\n\n\n<li>Flexibilit\u00e9, diplomatie et capacit\u00e9 \u00e0 \u00e9tablir des relations professionnelles \u00e0 long terme.<\/li>\n\n\n\n<li>Int\u00e9grit\u00e9 et responsabilit\u00e9 dans tout ce que vous faites.<\/li>\n<\/ul>\n\n\n\n<hr class=\"wp-block-separator has-alpha-channel-opacity\" \/>\n\n\n\n<h2 class=\"wp-block-heading\" id=\"h-loca\u021bie-amp-program\">\ud83d\udccd Lieu et programme :<\/h2>\n\n\n\n<ul class=\"wp-block-list\">\n<li>Localisation : Parc d'activit\u00e9s de Brasov<\/li>\n\n\n\n<li>Programme : du lundi au vendredi, de 09h00 \u00e0 18h00<\/li>\n<\/ul>\n\n\n\n<hr class=\"wp-block-separator has-alpha-channel-opacity\" \/>\n\n\n\n<h2 class=\"wp-block-heading\" id=\"h-aplica-acum\">\ud83d\udce8 Postulez maintenant :<\/h2>\n\n\n\n<p>Si vous \u00eates pr\u00eat \u00e0 faire partie d'une \u00e9quipe conviviale et professionnelle, envoyez-nous votre CV !<br><strong>Nous nous r\u00e9jouissons de vous rencontrer !<\/strong><\/p>\n\n\n\n<p><\/p>","protected":false},"excerpt":{"rendered":"<p>\ud83e\uddfe Descriere rol: E\u0219ti pasionat(\u0103) de recrutare \u0219i \u00ee\u021bi place s\u0103 lucrezi \u00eentr-un mediu dinamic? Al\u0103tur\u0103-te echipei noastre din Bra\u0219ov ca HR Generalist cu focus pe recrutare de volum \u0219i contribuie activ la crearea unei experien\u021be pozitive pentru candida\u021bi \u0219i angaja\u021bi. \u00cen acest rol, vei gestiona procesele de recrutare de la A la Z, vei [&hellip;]<\/p>\n","protected":false},"author":4,"featured_media":10284,"template":"","meta":[],"class_list":["post-9653","awsm_job_openings","type-awsm_job_openings","status-expired","has-post-thumbnail","hentry","job-location-brasov","job-type-full-time"],"yoast_head":"<!-- This site is optimized with the Yoast SEO Premium plugin v26.5 (Yoast SEO v26.5) - https:\/\/yoast.com\/wordpress\/plugins\/seo\/ -->\n<title>Generalist HR- Bra\u0219ov | Optima<\/title>\n<meta name=\"description\" content=\"C\u0103ut\u0103m un HR Generalist pasionat de recrutare \u0219i administrare pentru a se al\u0103tura echipei noastre din Bra\u0219ov. Aplic\u0103 acum!\" \/>\n<meta name=\"robots\" content=\"index, follow, max-snippet:-1, max-image-preview:large, max-video-preview:-1\" \/>\n<link rel=\"canonical\" href=\"https:\/\/optimacall.ro\/fr\/?post_type=awsm_job_openings&p=9653\" \/>\n<meta property=\"og:locale\" content=\"fr_FR\" \/>\n<meta property=\"og:type\" content=\"article\" \/>\n<meta property=\"og:title\" content=\"Generalist HR- Brasov\" \/>\n<meta property=\"og:description\" content=\"C\u0103ut\u0103m un HR Generalist pasionat de recrutare \u0219i administrare pentru a se al\u0103tura echipei noastre din Bra\u0219ov. Aplic\u0103 acum!\" \/>\n<meta property=\"og:url\" content=\"https:\/\/optimacall.ro\/fr\/?post_type=awsm_job_openings&amp;p=9653\" \/>\n<meta property=\"og:site_name\" content=\"Optima\" \/>\n<meta property=\"article:publisher\" content=\"https:\/\/www.facebook.com\/optimacall4excellence\/\" \/>\n<meta property=\"article:modified_time\" content=\"2025-08-27T22:49:25+00:00\" \/>\n<meta property=\"og:image\" content=\"https:\/\/optimacall.ro\/wp-content\/uploads\/2025\/04\/Generalist-HR-Website-1.jpg\" \/>\n\t<meta property=\"og:image:width\" content=\"2240\" \/>\n\t<meta property=\"og:image:height\" content=\"1260\" \/>\n\t<meta property=\"og:image:type\" content=\"image\/jpeg\" \/>\n<meta name=\"twitter:card\" content=\"summary_large_image\" \/>\n<meta name=\"twitter:label1\" content=\"Dur\u00e9e de lecture estim\u00e9e\" \/>\n\t<meta name=\"twitter:data1\" content=\"2 minutes\" \/>\n<script type=\"application\/ld+json\" class=\"yoast-schema-graph\">{\"@context\":\"https:\/\/schema.org\",\"@graph\":[{\"@type\":\"WebPage\",\"@id\":\"https:\/\/optimacall.ro\/?post_type=awsm_job_openings&p=9653\",\"url\":\"https:\/\/optimacall.ro\/?post_type=awsm_job_openings&p=9653\",\"name\":\"Generalist HR- Bra\u0219ov | Optima\",\"isPartOf\":{\"@id\":\"https:\/\/optimacall.ro\/#website\"},\"primaryImageOfPage\":{\"@id\":\"https:\/\/optimacall.ro\/?post_type=awsm_job_openings&p=9653#primaryimage\"},\"image\":{\"@id\":\"https:\/\/optimacall.ro\/?post_type=awsm_job_openings&p=9653#primaryimage\"},\"thumbnailUrl\":\"https:\/\/optimacall.ro\/wp-content\/uploads\/2025\/04\/Generalist-HR-Website-1.jpg\",\"datePublished\":\"2025-04-01T14:03:02+00:00\",\"dateModified\":\"2025-08-27T22:49:25+00:00\",\"description\":\"C\u0103ut\u0103m un HR Generalist pasionat de recrutare \u0219i administrare pentru a se al\u0103tura echipei noastre din Bra\u0219ov. Aplic\u0103 acum!\",\"breadcrumb\":{\"@id\":\"https:\/\/optimacall.ro\/?post_type=awsm_job_openings&p=9653#breadcrumb\"},\"inLanguage\":\"fr-FR\",\"potentialAction\":[{\"@type\":\"ReadAction\",\"target\":[\"https:\/\/optimacall.ro\/?post_type=awsm_job_openings&p=9653\"]}]},{\"@type\":\"ImageObject\",\"inLanguage\":\"fr-FR\",\"@id\":\"https:\/\/optimacall.ro\/?post_type=awsm_job_openings&p=9653#primaryimage\",\"url\":\"https:\/\/optimacall.ro\/wp-content\/uploads\/2025\/04\/Generalist-HR-Website-1.jpg\",\"contentUrl\":\"https:\/\/optimacall.ro\/wp-content\/uploads\/2025\/04\/Generalist-HR-Website-1.jpg\",\"width\":2240,\"height\":1260},{\"@type\":\"BreadcrumbList\",\"@id\":\"https:\/\/optimacall.ro\/?post_type=awsm_job_openings&p=9653#breadcrumb\",\"itemListElement\":[{\"@type\":\"ListItem\",\"position\":1,\"name\":\"Optima\",\"item\":\"https:\/\/optimacall.ro\/\"},{\"@type\":\"ListItem\",\"position\":2,\"name\":\"Job Openings\",\"item\":\"https:\/\/optimacall.ro\/jobs\/\"},{\"@type\":\"ListItem\",\"position\":3,\"name\":\"Generalist HR- Brasov\"}]},{\"@type\":\"WebSite\",\"@id\":\"https:\/\/optimacall.ro\/#website\",\"url\":\"https:\/\/optimacall.ro\/\",\"name\":\"Optima\",\"description\":\"Solu\u021bii integrate de contact center \u0219i RPA\",\"publisher\":{\"@id\":\"https:\/\/optimacall.ro\/#organization\"},\"potentialAction\":[{\"@type\":\"SearchAction\",\"target\":{\"@type\":\"EntryPoint\",\"urlTemplate\":\"https:\/\/optimacall.ro\/?s={search_term_string}\"},\"query-input\":{\"@type\":\"PropertyValueSpecification\",\"valueRequired\":true,\"valueName\":\"search_term_string\"}}],\"inLanguage\":\"fr-FR\"},{\"@type\":[\"Organization\",\"Place\"],\"@id\":\"https:\/\/optimacall.ro\/#organization\",\"name\":\"Optima\",\"alternateName\":\"Optima Solutions Services\",\"url\":\"https:\/\/optimacall.ro\/\",\"logo\":{\"@id\":\"https:\/\/optimacall.ro\/?post_type=awsm_job_openings&p=9653#local-main-organization-logo\"},\"image\":{\"@id\":\"https:\/\/optimacall.ro\/?post_type=awsm_job_openings&p=9653#local-main-organization-logo\"},\"sameAs\":[\"https:\/\/www.facebook.com\/optimacall4excellence\/\"],\"description\":\"Call center cu servicii de outsourcing\",\"legalName\":\"Optima Solutions Services SRL\",\"foundingDate\":\"2010-10-10\",\"numberOfEmployees\":{\"@type\":\"QuantitativeValue\",\"minValue\":\"51\",\"maxValue\":\"200\"},\"openingHoursSpecification\":[{\"@type\":\"OpeningHoursSpecification\",\"dayOfWeek\":[\"Monday\",\"Tuesday\",\"Wednesday\",\"Thursday\",\"Friday\",\"Saturday\",\"Sunday\"],\"opens\":\"09:00\",\"closes\":\"17:00\"}]},{\"@type\":\"ImageObject\",\"inLanguage\":\"fr-FR\",\"@id\":\"https:\/\/optimacall.ro\/?post_type=awsm_job_openings&p=9653#local-main-organization-logo\",\"url\":\"https:\/\/optimacall.ro\/wp-content\/uploads\/2024\/03\/cropped-cropped-logo-optima-rain.png\",\"contentUrl\":\"https:\/\/optimacall.ro\/wp-content\/uploads\/2024\/03\/cropped-cropped-logo-optima-rain.png\",\"width\":112,\"height\":112,\"caption\":\"Optima\"}]}<\/script>\n<!-- \/ Yoast SEO Premium plugin. -->","yoast_head_json":{"title":"G\u00e9n\u00e9raliste RH - Brasov | Optima","description":"Nous recherchons un g\u00e9n\u00e9raliste RH passionn\u00e9 par le recrutement et l'administration pour rejoindre notre \u00e9quipe \u00e0 Brasov. Postulez d\u00e8s maintenant !","robots":{"index":"index","follow":"follow","max-snippet":"max-snippet:-1","max-image-preview":"max-image-preview:large","max-video-preview":"max-video-preview:-1"},"canonical":"https:\/\/optimacall.ro\/fr\/?post_type=awsm_job_openings&p=9653","og_locale":"fr_FR","og_type":"article","og_title":"Generalist HR- Brasov","og_description":"C\u0103ut\u0103m un HR Generalist pasionat de recrutare \u0219i administrare pentru a se al\u0103tura echipei noastre din Bra\u0219ov. Aplic\u0103 acum!","og_url":"https:\/\/optimacall.ro\/fr\/?post_type=awsm_job_openings&p=9653","og_site_name":"Optima","article_publisher":"https:\/\/www.facebook.com\/optimacall4excellence\/","article_modified_time":"2025-08-27T22:49:25+00:00","og_image":[{"width":2240,"height":1260,"url":"https:\/\/optimacall.ro\/wp-content\/uploads\/2025\/04\/Generalist-HR-Website-1.jpg","type":"image\/jpeg"}],"twitter_card":"summary_large_image","twitter_misc":{"Dur\u00e9e de lecture estim\u00e9e":"2 minutes"},"schema":{"@context":"https:\/\/schema.org","@graph":[{"@type":"WebPage","@id":"https:\/\/optimacall.ro\/?post_type=awsm_job_openings&p=9653","url":"https:\/\/optimacall.ro\/?post_type=awsm_job_openings&p=9653","name":"G\u00e9n\u00e9raliste RH - Brasov | Optima","isPartOf":{"@id":"https:\/\/optimacall.ro\/#website"},"primaryImageOfPage":{"@id":"https:\/\/optimacall.ro\/?post_type=awsm_job_openings&p=9653#primaryimage"},"image":{"@id":"https:\/\/optimacall.ro\/?post_type=awsm_job_openings&p=9653#primaryimage"},"thumbnailUrl":"https:\/\/optimacall.ro\/wp-content\/uploads\/2025\/04\/Generalist-HR-Website-1.jpg","datePublished":"2025-04-01T14:03:02+00:00","dateModified":"2025-08-27T22:49:25+00:00","description":"Nous recherchons un g\u00e9n\u00e9raliste RH passionn\u00e9 par le recrutement et l'administration pour rejoindre notre \u00e9quipe \u00e0 Brasov. Postulez d\u00e8s maintenant !","breadcrumb":{"@id":"https:\/\/optimacall.ro\/?post_type=awsm_job_openings&p=9653#breadcrumb"},"inLanguage":"fr-FR","potentialAction":[{"@type":"ReadAction","target":["https:\/\/optimacall.ro\/?post_type=awsm_job_openings&p=9653"]}]},{"@type":"ImageObject","inLanguage":"fr-FR","@id":"https:\/\/optimacall.ro\/?post_type=awsm_job_openings&p=9653#primaryimage","url":"https:\/\/optimacall.ro\/wp-content\/uploads\/2025\/04\/Generalist-HR-Website-1.jpg","contentUrl":"https:\/\/optimacall.ro\/wp-content\/uploads\/2025\/04\/Generalist-HR-Website-1.jpg","width":2240,"height":1260},{"@type":"BreadcrumbList","@id":"https:\/\/optimacall.ro\/?post_type=awsm_job_openings&p=9653#breadcrumb","itemListElement":[{"@type":"ListItem","position":1,"name":"Optima","item":"https:\/\/optimacall.ro\/"},{"@type":"ListItem","position":2,"name":"Job Openings","item":"https:\/\/optimacall.ro\/jobs\/"},{"@type":"ListItem","position":3,"name":"Generalist HR- Brasov"}]},{"@type":"WebSite","@id":"https:\/\/optimacall.ro\/#website","url":"https:\/\/optimacall.ro\/","name":"Optima","description":"Solutions int\u00e9gr\u00e9es de centre de contact et de RPA","publisher":{"@id":"https:\/\/optimacall.ro\/#organization"},"potentialAction":[{"@type":"SearchAction","target":{"@type":"EntryPoint","urlTemplate":"https:\/\/optimacall.ro\/?s={search_term_string}"},"query-input":{"@type":"PropertyValueSpecification","valueRequired":true,"valueName":"search_term_string"}}],"inLanguage":"fr-FR"},{"@type":["Organization","Place"],"@id":"https:\/\/optimacall.ro\/#organization","name":"Optima","alternateName":"Optima Solutions Services","url":"https:\/\/optimacall.ro\/","logo":{"@id":"https:\/\/optimacall.ro\/?post_type=awsm_job_openings&p=9653#local-main-organization-logo"},"image":{"@id":"https:\/\/optimacall.ro\/?post_type=awsm_job_openings&p=9653#local-main-organization-logo"},"sameAs":["https:\/\/www.facebook.com\/optimacall4excellence\/"],"description":"Services d'externalisation des centres d'appel","legalName":"Optima Solutions Services SRL","foundingDate":"2010-10-10","numberOfEmployees":{"@type":"QuantitativeValue","minValue":"51","maxValue":"200"},"openingHoursSpecification":[{"@type":"OpeningHoursSpecification","dayOfWeek":["Monday","Tuesday","Wednesday","Thursday","Friday","Saturday","Sunday"],"opens":"09:00","closes":"17:00"}]},{"@type":"ImageObject","inLanguage":"fr-FR","@id":"https:\/\/optimacall.ro\/?post_type=awsm_job_openings&p=9653#local-main-organization-logo","url":"https:\/\/optimacall.ro\/wp-content\/uploads\/2024\/03\/cropped-cropped-logo-optima-rain.png","contentUrl":"https:\/\/optimacall.ro\/wp-content\/uploads\/2024\/03\/cropped-cropped-logo-optima-rain.png","width":112,"height":112,"caption":"Optima"}]}},"_links":{"self":[{"href":"https:\/\/optimacall.ro\/fr\/wp-json\/wp\/v2\/awsm_job_openings\/9653","targetHints":{"allow":["GET"]}}],"collection":[{"href":"https:\/\/optimacall.ro\/fr\/wp-json\/wp\/v2\/awsm_job_openings"}],"about":[{"href":"https:\/\/optimacall.ro\/fr\/wp-json\/wp\/v2\/types\/awsm_job_openings"}],"author":[{"embeddable":true,"href":"https:\/\/optimacall.ro\/fr\/wp-json\/wp\/v2\/users\/4"}],"wp:featuredmedia":[{"embeddable":true,"href":"https:\/\/optimacall.ro\/fr\/wp-json\/wp\/v2\/media\/10284"}],"wp:attachment":[{"href":"https:\/\/optimacall.ro\/fr\/wp-json\/wp\/v2\/media?parent=9653"}],"curies":[{"name":"wp","href":"https:\/\/api.w.org\/{rel}","templated":true}]}}